{"id":486,"date":"2021-02-25T09:57:51","date_gmt":"2021-02-25T08:57:51","guid":{"rendered":"https:\/\/c12594-1.bacagora.ac\/pcms\/wp22\/?page_id=486"},"modified":"2021-02-25T09:57:51","modified_gmt":"2021-02-25T08:57:51","slug":"activites","status":"publish","type":"page","link":"https:\/\/www.cerpeg.fr\/bcpmcv\/activites\/","title":{"rendered":"Activit\u00e9s"},"content":{"rendered":"\n<p>L\u2019activit\u00e9 du titulaire du baccalaur\u00e9at professionnel \u00ab M\u00e9tiers du commerce et de la vente \u00bb s\u2019exerce aupr\u00e8s de la client\u00e8le actuelle et potentielle de l\u2019entreprise.<\/p>\n\n\n\n<h4 class=\"has-vivid-cyan-blue-color has-text-color wp-block-heading\">Pour l\u2019option A \u00ab Animation et gestion de l\u2019espace commercial \u00bb <\/h4>\n\n\n\n<p>Son activit\u00e9 s\u2019exerce essentiellement au sein d\u2019une unit\u00e9 commerciale, physique ou \u00e0 distance, de toute taille, g\u00e9n\u00e9raliste ou sp\u00e9cialis\u00e9e, dans laquelle peuvent \u00eatre r\u00e9alis\u00e9es des activit\u00e9s de production (magasin d\u2019usine, vente sur le lieu de production, etc.), de transformation ou de distribution.<\/p>\n\n\n\n<p>Cette activit\u00e9 peut se d\u00e9rouler sur des horaires variables, avec une certaine amplitude, en relation avec le rythme de l\u2019activit\u00e9 commerciale de l\u2019entreprise. Elle s\u2019exerce le plus souvent en station debout.<\/p>\n\n\n\n<p>Le titulaire du baccalaur\u00e9at professionnel \u00ab M\u00e9tiers du commerce et de la vente \u00bb, d\u00e9tenteur de l\u2019option A, doit faire preuve du sens de l\u2019accueil, de qualit\u00e9s d\u2019\u00e9coute et de disponibilit\u00e9. Il doit adopter des comportements et des attitudes conformes \u00e0 la diversit\u00e9 des contextes relationnels, notamment au niveau des codes vestimentaires et langagiers. Il doit enfin respecter les r\u00e8gles de confidentialit\u00e9 et de d\u00e9ontologie professionnelle.<\/p>\n\n\n\n<p>Il doit faire preuve de rigueur dans la gestion et l\u2019organisation de l\u2019espace de vente, dans le respect des r\u00e8gles de son entreprise.<\/p>\n\n\n\n<p>Il doit pouvoir travailler en \u00e9quipe tout en faisant preuve d\u2019autonomie et de responsabilit\u00e9.<\/p>\n\n\n\n<p>Il peut enfin participer \u00e0 la mise en place et \u00e0 la r\u00e9alisation de manifestations commerciales d\u00e9cid\u00e9es par son entreprise et en exploiter les retomb\u00e9es.<\/p>\n\n\n\n<h4 class=\"has-vivid-cyan-blue-color has-text-color wp-block-heading\">Pour l\u2019option B \u00ab Prospection client\u00e8le et valorisation de l\u2019offre commerciale \u00bb <\/h4>\n\n\n\n<p>Son activit\u00e9 n\u00e9cessite soit des d\u00e9placements en visite de client\u00e8le, y compris en d\u00e9marchage \u00e0 domicile, soit une relation client \u00e0 distance, sur des horaires de travail d\u2019une amplitude variable. Le titulaire du baccalaur\u00e9at professionnel \u00ab M\u00e9tiers du commerce et de la vente \u00bb, d\u00e9tenteur de l\u2019option B, peut, par ailleurs, \u00eatre conduit \u00e0 effectuer une partie de son activit\u00e9 au sein de son entreprise pour accueillir des clients ou pour r\u00e9aliser des t\u00e2ches de pr\u00e9paration et de suivi des ventes.<\/p>\n\n\n\n<p>Il participe en outre \u00e0 la mise en place et \u00e0 la r\u00e9alisation de manifestations commerciales d\u00e9cid\u00e9es par son entreprise et il en exploite les retomb\u00e9es.<\/p>\n\n\n\n<p>Il organise son travail en autonomie. Il fait preuve d\u2019initiative, de dynamisme et de pers\u00e9v\u00e9rance. Sa mobilit\u00e9 g\u00e9ographique ou fonctionnelle est encourag\u00e9e.<\/p>\n\n\n\n<p>Il met en \u0153uvre les techniques de prospection ainsi que les techniques relationnelles et les techniques de vente. Par ailleurs, il d\u00e9veloppe et exploite son portefeuille clients dans le respect de la politique de l\u2019entreprise.<\/p>\n\n\n\n<p>Il applique les r\u00e8gles de droit sp\u00e9cifiques \u00e0 la relation client de son secteur d\u2019activit\u00e9.<\/p>\n\n\n\n<p>Il peut \u00eatre conduit \u00e0 travailler en \u00e9quipe au sein de son organisation pour atteindre les objectifs fix\u00e9s. Il assure une remont\u00e9e des informations du terrain aupr\u00e8s de sa hi\u00e9rarchie.<\/p>\n\n\n\n<p>Il doit adopter des comportements et des attitudes conformes \u00e0 la diversit\u00e9 des contextes relationnels, notamment au niveau des codes vestimentaires et langagiers. Il doit enfin respecter les r\u00e8gles de confidentialit\u00e9 et de d\u00e9ontologie professionnelle.<\/p>\n\n\n\n<p>Enfin une partie de sa r\u00e9mun\u00e9ration est en g\u00e9n\u00e9ral variable, proportionnelle aux ventes, au d\u00e9veloppement de sa client\u00e8le, \u00e0 l\u2019\u00e9volution du chiffre d\u2019affaires de l\u2019entreprise et \u00e0 la satisfaction de la client\u00e8le.<\/p>\n","protected":false},"excerpt":{"rendered":"<p>L\u2019activit\u00e9 du titulaire du baccalaur\u00e9at professionnel \u00ab M\u00e9tiers du commerce et de la vente \u00bb s\u2019exerce aupr\u00e8s de la client\u00e8le actuelle et potentielle de l\u2019entreprise. Pour l\u2019option A \u00ab Animation et gestion de l\u2019espace commercial \u00bb Son activit\u00e9 s\u2019exerce essentiellement au sein d\u2019une unit\u00e9 commerciale, physique ou \u00e0 distance, de toute taille, g\u00e9n\u00e9raliste ou sp\u00e9cialis\u00e9e, [&hellip;]<\/p>\n","protected":false},"author":1,"featured_media":0,"parent":0,"menu_order":0,"comment_status":"closed","ping_status":"closed","template":"","meta":{"footnotes":""},"_links":{"self":[{"href":"https:\/\/www.cerpeg.fr\/bcpmcv\/wp-json\/wp\/v2\/pages\/486"}],"collection":[{"href":"https:\/\/www.cerpeg.fr\/bcpmcv\/wp-json\/wp\/v2\/pages"}],"about":[{"href":"https:\/\/www.cerpeg.fr\/bcpmcv\/wp-json\/wp\/v2\/types\/page"}],"author":[{"embeddable":true,"href":"https:\/\/www.cerpeg.fr\/bcpmcv\/wp-json\/wp\/v2\/users\/1"}],"replies":[{"embeddable":true,"href":"https:\/\/www.cerpeg.fr\/bcpmcv\/wp-json\/wp\/v2\/comments?post=486"}],"version-history":[{"count":0,"href":"https:\/\/www.cerpeg.fr\/bcpmcv\/wp-json\/wp\/v2\/pages\/486\/revisions"}],"wp:attachment":[{"href":"https:\/\/www.cerpeg.fr\/bcpmcv\/wp-json\/wp\/v2\/media?parent=486"}],"curies":[{"name":"wp","href":"https:\/\/api.w.org\/{rel}","templated":true}]}}