{"id":519,"date":"2021-02-25T09:49:14","date_gmt":"2021-02-25T08:49:14","guid":{"rendered":"https:\/\/c12594-1.bacagora.ac\/pcms\/wp22\/?page_id=478"},"modified":"2023-05-17T08:48:48","modified_gmt":"2023-05-17T06:48:48","slug":"activite-1-conseil-et-vente","status":"publish","type":"page","link":"https:\/\/www.cerpeg.fr\/bcpmcv\/activite-1-conseil-et-vente\/","title":{"rendered":"Activit\u00e9 1 &#8211; Conseil et vente"},"content":{"rendered":"\n<div class=\"wp-block-buttons is-content-justification-right is-layout-flex wp-container-core-buttons-is-layout-1 wp-block-buttons-is-layout-flex\">\n<div class=\"wp-block-button is-style-fill\"><a class=\"wp-block-button__link has-vivid-cyan-blue-background-color has-background wp-element-button\" href=\"https:\/\/www.cerpeg.fr\/bcpmcv\/category\/bloc\/groupe1-conseillervendre\/\" style=\"border-radius:28px\" target=\"_blank\" rel=\"noreferrer noopener\">R\u00e9f. de certification GROUPE 1<\/a><\/div>\n<\/div>\n\n\n\n<div style=\"height:18px\" aria-hidden=\"true\" class=\"wp-block-spacer\"><\/div>\n\n\n\n<h3 class=\"wp-block-heading has-white-color has-pale-cyan-blue-background-color has-text-color has-background\">T\u00e2ches<\/h3>\n\n\n\n<div style=\"height:15px\" aria-hidden=\"true\" class=\"wp-block-spacer\"><\/div>\n\n\n\n<ul>\n<li>Veille informationnelle sur les produits et\/ou les services et les concurrents<\/li>\n\n\n\n<li>Prise de contact<\/li>\n\n\n\n<li>Pr\u00e9sentation de l\u2019entreprise et\/ou de ses produits et\/ou de ses services<\/li>\n\n\n\n<li>D\u00e9couverte, identification et analyse des besoins du client, de ses motivations et de ses freins \u00e9ventuels<\/li>\n\n\n\n<li>Conseil d\u2019une solution adapt\u00e9e : produit et\/ou service + service(s) associ\u00e9(s)<\/li>\n\n\n\n<li>Argumentation d\u2019une solution (produit et\/ou service et prix) et traitement des objections<\/li>\n\n\n\n<li>Vente(s)additionnelle(s)<\/li>\n\n\n\n<li>Finalisation de la vente<\/li>\n\n\n\n<li>Mise en place du r\u00e8glement et de la livraison<\/li>\n<\/ul>\n\n\n\n<div style=\"height:100px\" aria-hidden=\"true\" class=\"wp-block-spacer\"><\/div>\n\n\n\n<h3 class=\"wp-block-heading has-white-color has-pale-cyan-blue-background-color has-text-color has-background\">Contexte professionnel<\/h3>\n\n\n\n<div style=\"height:38px\" aria-hidden=\"true\" class=\"wp-block-spacer\"><\/div>\n\n\n\n<h4 class=\"wp-block-heading has-vivid-cyan-blue-color has-text-color\">Ressources<\/h4>\n\n\n\n<ul>\n<li>Les supports de pr\u00e9sentation des produits et\/ou des services de l\u2019entreprise,<\/li>\n\n\n\n<li>Les informations sur les march\u00e9s et la concurrence,<\/li>\n\n\n\n<li>Les \u00e9l\u00e9ments de la base de donn\u00e9es clients,<\/li>\n\n\n\n<li>Les conditions g\u00e9n\u00e9rales de vente (tarifs, bar\u00e8mes, modalit\u00e9s de financement),<\/li>\n\n\n\n<li>Les conditions de garantie,<\/li>\n\n\n\n<li>Les documents d\u2019informations pr\u00e9 contractuelles,<\/li>\n\n\n\n<li>La r\u00e8glementation en vigueur<\/li>\n\n\n\n<li>Le mandat,<\/li>\n\n\n\n<li>Les argumentaires de vente,<\/li>\n\n\n\n<li>Le bon de commande,<\/li>\n\n\n\n<li>La documentation technique<\/li>\n\n\n\n<li>Les \u00e9chantillons,<\/li>\n\n\n\n<li>La carte de visite de l\u2019unit\u00e9 commerciale,<\/li>\n\n\n\n<li>L\u2019affichage des prix,<\/li>\n\n\n\n<li>La carte de visite du vendeur,<\/li>\n\n\n\n<li>La carte d\u2019identification professionnelle.<\/li>\n<\/ul>\n\n\n\n<div style=\"height:37px\" aria-hidden=\"true\" class=\"wp-block-spacer\"><\/div>\n\n\n\n<h4 class=\"wp-block-heading has-vivid-cyan-blue-color has-text-color\">Relations internes<\/h4>\n\n\n\n<ul>\n<li>Hi\u00e9rarchiques : responsable des ventes, responsable du magasin, chef de rayon, etc.<\/li>\n\n\n\n<li>Fonctionnelles : \u00e9quipe de vente, service de gestion des stocks, service logistique, service apr\u00e8s-vente, administration des ventes, responsable des achats\u2026<\/li>\n<\/ul>\n\n\n\n<div style=\"height:37px\" aria-hidden=\"true\" class=\"wp-block-spacer\"><\/div>\n\n\n\n<h4 class=\"wp-block-heading has-vivid-cyan-blue-color has-text-color\">Relations externes<\/h4>\n\n\n\n<ul>\n<li>Fournisseurs,<\/li>\n\n\n\n<li>Transporteurs,<\/li>\n\n\n\n<li>Livreurs,<\/li>\n\n\n\n<li>Organismes financiers,<\/li>\n\n\n\n<li>Clients,<\/li>\n<\/ul>\n\n\n\n<p>Etc.<\/p>\n\n\n\n<div style=\"height:47px\" aria-hidden=\"true\" class=\"wp-block-spacer\"><\/div>\n\n\n\n<h3 class=\"wp-block-heading has-white-color has-pale-cyan-blue-background-color has-text-color has-background\">R\u00e9sultats attendus<\/h3>\n\n\n\n<div style=\"height:28px\" aria-hidden=\"true\" class=\"wp-block-spacer\"><\/div>\n\n\n\n<ul>\n<li>L\u2019offre de produits et\/ou de services de l\u2019entreprise ainsi que le contexte concurrentiel sont connus,<\/li>\n\n\n\n<li>Un climat de confiance est instaur\u00e9,<\/li>\n\n\n\n<li>Les proc\u00e9dures d\u2019information du client sont respect\u00e9es,<\/li>\n\n\n\n<li>La solution propos\u00e9e est adapt\u00e9e aux besoins du client,<\/li>\n\n\n\n<li>Les objectifs de vente et\/ou de conseil sont atteints,<\/li>\n\n\n\n<li>Les services associ\u00e9s sont propos\u00e9s et vendus,<\/li>\n\n\n\n<li>De(s) vente(s) additionnelles sont r\u00e9alis\u00e9(es),<\/li>\n\n\n\n<li>Les conditions de paiement, de financement et de livraison sont r\u00e9alistes et adapt\u00e9es,<\/li>\n\n\n\n<li>Une bonne image de l\u2019entreprise est donn\u00e9e,<\/li>\n\n\n\n<li>Le client est satisfait.<\/li>\n<\/ul>\n","protected":false},"excerpt":{"rendered":"<p>T\u00e2ches Contexte professionnel Ressources Relations internes Relations externes Etc. R\u00e9sultats attendus<\/p>\n","protected":false},"author":1,"featured_media":0,"parent":0,"menu_order":0,"comment_status":"closed","ping_status":"closed","template":"","meta":{"footnotes":""},"_links":{"self":[{"href":"https:\/\/www.cerpeg.fr\/bcpmcv\/wp-json\/wp\/v2\/pages\/519"}],"collection":[{"href":"https:\/\/www.cerpeg.fr\/bcpmcv\/wp-json\/wp\/v2\/pages"}],"about":[{"href":"https:\/\/www.cerpeg.fr\/bcpmcv\/wp-json\/wp\/v2\/types\/page"}],"author":[{"embeddable":true,"href":"https:\/\/www.cerpeg.fr\/bcpmcv\/wp-json\/wp\/v2\/users\/1"}],"replies":[{"embeddable":true,"href":"https:\/\/www.cerpeg.fr\/bcpmcv\/wp-json\/wp\/v2\/comments?post=519"}],"version-history":[{"count":6,"href":"https:\/\/www.cerpeg.fr\/bcpmcv\/wp-json\/wp\/v2\/pages\/519\/revisions"}],"predecessor-version":[{"id":1028,"href":"https:\/\/www.cerpeg.fr\/bcpmcv\/wp-json\/wp\/v2\/pages\/519\/revisions\/1028"}],"wp:attachment":[{"href":"https:\/\/www.cerpeg.fr\/bcpmcv\/wp-json\/wp\/v2\/media?parent=519"}],"curies":[{"name":"wp","href":"https:\/\/api.w.org\/{rel}","templated":true}]}}