{"id":580,"date":"2021-02-25T13:29:22","date_gmt":"2021-02-25T12:29:22","guid":{"rendered":"http:\/\/www.cerpeg.fr\/bcpmcv\/?page_id=580"},"modified":"2021-02-27T17:27:10","modified_gmt":"2021-02-27T16:27:10","slug":"activite-4-a-animation-et-gestion-de-lespace-commercial","status":"publish","type":"page","link":"https:\/\/www.cerpeg.fr\/bcpmcv\/activite-4-a-animation-et-gestion-de-lespace-commercial\/","title":{"rendered":"Activit\u00e9 4 A &#8211; Animation et gestion de l\u2019espace commercial"},"content":{"rendered":"\n<div class=\"wp-block-buttons alignright is-layout-flex wp-block-buttons-is-layout-flex\">\n<div class=\"wp-block-button is-style-fill\"><a class=\"wp-block-button__link has-vivid-cyan-blue-background-color has-background\" href=\"https:\/\/www.cerpeg.fr\/bcpmcv\/category\/bloc\/groupe-4a-animer-et-gerer-lespace-commercial\/\" style=\"border-radius:28px\">R\u00e9f. de certification GROUPE 4A<\/a><\/div>\n<\/div>\n\n\n\n<div style=\"height:18px\" aria-hidden=\"true\" class=\"wp-block-spacer\"><\/div>\n\n\n\n<h3 class=\"has-white-color has-pale-cyan-blue-background-color has-text-color has-background wp-block-heading\">T\u00e2ches<\/h3>\n\n\n\n<div style=\"height:15px\" aria-hidden=\"true\" class=\"wp-block-spacer\"><\/div>\n\n\n\n<ul><li>R\u00e9alisation des commandes de produits aupr\u00e8s de la centrale d\u2019achat et\/ou des fournisseurs<\/li><li>Gestion des commandes dans le cadre de la strat\u00e9gie omnicanale de l\u2019enseigne<\/li><li>Gestion des stocks et r\u00e9approvisionnement<\/li><li>R\u00e9ception et contr\u00f4le des marchandises<\/li><li>Calcul des prix, \u00e9tiquetage des produits et s\u00e9curisation<\/li><li>Participation \u00e0 l\u2019am\u00e9nagement de la surface de vente, de la vitrine<\/li><li>Mise en sc\u00e8ne de l\u2019offre commerciale<\/li><li>Entretien et contribution \u00e0 l\u2019hygi\u00e8ne et \u00e0 la s\u00e9curit\u00e9 de l\u2019unit\u00e9 commerciale<\/li><li>Valorisation de l\u2019offre sur les sites marchands et les r\u00e9seaux sociaux<\/li><li>D\u00e9veloppement de la client\u00e8le par la cr\u00e9ation de trafic dans l\u2019unit\u00e9 commerciale<\/li><li>Participation \u00e0 la planification et \u00e0 l\u2019organisation d\u2019actions de promotion<\/li><li>D\u00e9marchage de nouveaux clients en externe<\/li><li>Participation \u00e0 l\u2019\u00e9valuation des performances des actions commerciales<\/li><\/ul>\n\n\n\n<div style=\"height:44px\" aria-hidden=\"true\" class=\"wp-block-spacer\"><\/div>\n\n\n\n<h3 class=\"has-white-color has-pale-cyan-blue-background-color has-text-color has-background wp-block-heading\">Contexte professionnel<\/h3>\n\n\n\n<div style=\"height:22px\" aria-hidden=\"true\" class=\"wp-block-spacer\"><\/div>\n\n\n\n<h4 class=\"has-vivid-cyan-blue-color has-text-color wp-block-heading\">Ressources<\/h4>\n\n\n\n<ul><li>SIC (base de donn\u00e9es fournisseurs, \u00e9tat des stocks, tableaux de bord, base de donn\u00e9es clients, etc.)<\/li><li>Documents commerciaux,<\/li><li>Plan de l\u2019unit\u00e9 commerciale,<\/li><li>Planogrammes,<\/li><li>Plans d\u2019implantation de secteurs, de rayons et de vitrines,<\/li><li>R\u00e8glementation en mati\u00e8re d\u2019hygi\u00e8ne et de s\u00e9curit\u00e9,<\/li><li>Proc\u00e9dures de retours produits,<\/li><li>Sites marchands, r\u00e9seaux sociaux et charte graphique<\/li><li>PLV, ILV, signal\u00e9tique,<\/li><\/ul>\n\n\n\n<p>Etc.<\/p>\n\n\n\n<div style=\"height:30px\" aria-hidden=\"true\" class=\"wp-block-spacer\"><\/div>\n\n\n\n<h4 class=\"has-vivid-cyan-blue-color has-text-color wp-block-heading\">Relations internes<\/h4>\n\n\n\n<ul><li>Hi\u00e9rarchiques : responsable de magasin, de secteur, de rayon, des achats, etc.<\/li><li>Fonctionnelles : \u00e9quipe de vente, logistique, service r\u00e9ceptions, etc.<\/li><\/ul>\n\n\n\n<div style=\"height:23px\" aria-hidden=\"true\" class=\"wp-block-spacer\"><\/div>\n\n\n\n<h4 class=\"has-vivid-cyan-blue-color has-text-color wp-block-heading\">Relations externes<\/h4>\n\n\n\n<ul><li>Fournisseurs et repr\u00e9sentants,<\/li><li>Transporteurs,<\/li><li>Visuel marchandiseur (\u00e9talagiste),<\/li><li>Clients,<\/li><\/ul>\n\n\n\n<p>Etc.<\/p>\n\n\n\n<div style=\"height:24px\" aria-hidden=\"true\" class=\"wp-block-spacer\"><\/div>\n\n\n\n<h3 class=\"has-white-color has-pale-cyan-blue-background-color has-text-color has-background wp-block-heading\">R\u00e9sultats attendus<\/h3>\n\n\n\n<div style=\"height:24px\" aria-hidden=\"true\" class=\"wp-block-spacer\"><\/div>\n\n\n\n<ul><li>L\u2019approvisionnement est r\u00e9alis\u00e9 en ad\u00e9quation avec les besoins des clients, conform\u00e9ment aux proc\u00e9dures de l\u2019entreprise et en utilisant les \u00e9quipements et mat\u00e9riels ad\u00e9quats,<\/li><li>Les ventes sont suivies r\u00e9guli\u00e8rement et les stocks sont optimis\u00e9s afin d\u2019une part, d\u2019\u00e9viter les ruptures et les surstocks et d\u2019autre part, de mettre en avant le cas \u00e9ch\u00e9ant, certains produits,<\/li><li>Les e-commandes sont pr\u00e9par\u00e9es avec soin et sans aucune erreur,<\/li><li>Les produits sont correctement \u00e9tiquet\u00e9s et s\u00e9curis\u00e9s,<\/li><li>Des mesures sont prises pour lutter contre la d\u00e9marque,<\/li><li>L\u2019espace commercial est s\u00e9curis\u00e9, accueillant, ordonn\u00e9, accessible et propre,<\/li><li>Les produits sont mis en valeur, par l\u2019utilisation de supports et mat\u00e9riels appropri\u00e9s, dans le respect des r\u00e8gles en vigueur et de la politique commerciale,<\/li><li>Des am\u00e9liorations sont propos\u00e9es et mises en \u0153uvre dans la pr\u00e9sentation et la mise en sc\u00e8ne des produits sur l\u2019espace de vente, dans l\u2019am\u00e9nagement de la vitrine ou de la surface de vente,<\/li><li>La communication concernant l\u2019unit\u00e9 commerciale est \u00e0 jour et en ad\u00e9quation avec l\u2019image de celle-ci,<\/li><li>La communication num\u00e9rique est efficace,<\/li><li>Les actions de cr\u00e9ation de trafic et de d\u00e9marchage sont pertinentes et engag\u00e9es conform\u00e9ment aux attentes.<\/li><\/ul>\n","protected":false},"excerpt":{"rendered":"<p>T\u00e2ches R\u00e9alisation des commandes de produits aupr\u00e8s de la centrale d\u2019achat et\/ou des fournisseurs Gestion des commandes dans le cadre de la strat\u00e9gie omnicanale de l\u2019enseigne Gestion des stocks et r\u00e9approvisionnement R\u00e9ception et contr\u00f4le des marchandises Calcul des prix, \u00e9tiquetage des produits et s\u00e9curisation Participation \u00e0 l\u2019am\u00e9nagement de la surface de vente, de la vitrine [&hellip;]<\/p>\n","protected":false},"author":1,"featured_media":0,"parent":0,"menu_order":0,"comment_status":"closed","ping_status":"closed","template":"","meta":{"footnotes":""},"_links":{"self":[{"href":"https:\/\/www.cerpeg.fr\/bcpmcv\/wp-json\/wp\/v2\/pages\/580"}],"collection":[{"href":"https:\/\/www.cerpeg.fr\/bcpmcv\/wp-json\/wp\/v2\/pages"}],"about":[{"href":"https:\/\/www.cerpeg.fr\/bcpmcv\/wp-json\/wp\/v2\/types\/page"}],"author":[{"embeddable":true,"href":"https:\/\/www.cerpeg.fr\/bcpmcv\/wp-json\/wp\/v2\/users\/1"}],"replies":[{"embeddable":true,"href":"https:\/\/www.cerpeg.fr\/bcpmcv\/wp-json\/wp\/v2\/comments?post=580"}],"version-history":[{"count":4,"href":"https:\/\/www.cerpeg.fr\/bcpmcv\/wp-json\/wp\/v2\/pages\/580\/revisions"}],"predecessor-version":[{"id":737,"href":"https:\/\/www.cerpeg.fr\/bcpmcv\/wp-json\/wp\/v2\/pages\/580\/revisions\/737"}],"wp:attachment":[{"href":"https:\/\/www.cerpeg.fr\/bcpmcv\/wp-json\/wp\/v2\/media?parent=580"}],"curies":[{"name":"wp","href":"https:\/\/api.w.org\/{rel}","templated":true}]}}