{"id":754,"date":"2021-02-27T17:55:25","date_gmt":"2021-02-27T16:55:25","guid":{"rendered":"http:\/\/www.cerpeg.fr\/bcpmcv\/?page_id=754"},"modified":"2022-02-13T09:30:01","modified_gmt":"2022-02-13T08:30:01","slug":"groupe-de-competences-2-suivre-les-ventes","status":"publish","type":"page","link":"https:\/\/www.cerpeg.fr\/bcpmcv\/groupe-de-competences-2-suivre-les-ventes\/","title":{"rendered":"Groupe de comp\u00e9tences 2 \u2013 Suivre les ventes"},"content":{"rendered":"\n<h2 class=\"wp-block-heading\" id=\"suivre-les-ventes\">Suivre les ventes<\/h2>\n\n\n\n<figure class=\"wp-block-image size-large\"><img loading=\"lazy\" decoding=\"async\" width=\"700\" height=\"10\" src=\"https:\/\/www.cerpeg.fr\/bcpmcv\/wp-content\/uploads\/2021\/02\/agora-trait.png\" alt=\"\" class=\"wp-image-117\" srcset=\"https:\/\/www.cerpeg.fr\/bcpmcv\/wp-content\/uploads\/2021\/02\/agora-trait.png 700w, https:\/\/www.cerpeg.fr\/bcpmcv\/wp-content\/uploads\/2021\/02\/agora-trait-300x4.png 300w, https:\/\/www.cerpeg.fr\/bcpmcv\/wp-content\/uploads\/2021\/02\/agora-trait-450x6.png 450w\" sizes=\"(max-width: 700px) 100vw, 700px\" \/><\/figure>\n\n\n\n<p>Au sein d\u2019une unit\u00e9 commerciale, en visite de client\u00e8le ou encore \u00e0 distance, le titulaire du baccalaur\u00e9at professionnel \u00ab M\u00e9tiers du commerce et de la vente \u00bb r\u00e9alise, dans un cadre omnical, les op\u00e9rations de services li\u00e9es \u00e0 la vente, dans le respect des proc\u00e9dures de son entreprise et en conformit\u00e9 avec le cadre juridique et r\u00e8glementaire de la vente.<\/p>\n\n\n\n<p><br>Dans ce contexte, ce dernier dispose :<br>\u2013 de la commande du client,<br>\u2013 du descriptif des produits et des services associ\u00e9s, accompagn\u00e9s le cas \u00e9ch\u00e9ant des argumentaires correspondants,<br>\u2013 d\u2019\u00e9l\u00e9ments de la base de donn\u00e9es des clients, des produits et des prestataires associ\u00e9s,<br>\u2013 d\u2019outils d\u2019information et de communication vari\u00e9s,<br>\u2013 de consignes, de proc\u00e9dures, de guides internes, d\u2019objectifs fix\u00e9s, de contraintes de temps<\/p>\n\n\n\n<p><code><\/code><wp-block data-block=\"core\/nextpage\"><\/wp-block><\/p>\n\n\n\n<div class=\"wp-block-group\"><div class=\"wp-block-group__inner-container is-layout-flow wp-block-group-is-layout-flow\">\n<div class=\"wp-block-columns are-vertically-aligned-center is-layout-flex wp-container-core-columns-is-layout-1 wp-block-columns-is-layout-flex\">\n<div class=\"wp-block-column is-vertically-aligned-center is-layout-flow wp-block-column-is-layout-flow\" style=\"flex-basis:100%\">\n<div class=\"wp-block-group\"><div class=\"wp-block-group__inner-container is-layout-flow wp-block-group-is-layout-flow\"><\/div><\/div>\n<\/div>\n<\/div>\n<\/div><\/div>\n\n\n\n<div class=\"wp-block-group alignwide\"><div class=\"wp-block-group__inner-container is-layout-flow wp-block-group-is-layout-flow\"><\/div><\/div>\n\n\n\n<div class=\"wp-block-buttons is-layout-flex wp-block-buttons-is-layout-flex\">\n<div class=\"wp-block-button\"><a class=\"wp-block-button__link has-white-color has-vivid-cyan-blue-background-color has-text-color has-background\" href=\"https:\/\/www.cerpeg.fr\/bcpmcv\/2-1-assurer-le-suivi-de-la-commande-du-produit-et-ou-du-service\/\" target=\"_blank\" rel=\"noreferrer noopener\">2.1 Assurer le suivi de la commande du produit et\/ou du service<\/a><\/div>\n<\/div>\n\n\n\n<p>.<\/p>\n\n\n\n<div class=\"wp-block-buttons is-layout-flex wp-block-buttons-is-layout-flex\">\n<div class=\"wp-block-button\"><a class=\"wp-block-button__link has-white-color has-vivid-cyan-blue-background-color has-text-color has-background\" href=\"https:\/\/www.cerpeg.fr\/bcpmcv\/2-2-mettre-en-oeuvre-le-ou-les-services-associes\/\" target=\"_blank\" rel=\"noreferrer noopener\">2.2. Mettre en \u0153uvre le ou les services associ\u00e9s<\/a><\/div>\n<\/div>\n\n\n\n<p>.<\/p>\n\n\n\n<div class=\"wp-block-buttons is-layout-flex wp-block-buttons-is-layout-flex\">\n<div class=\"wp-block-button\"><a class=\"wp-block-button__link has-white-color has-vivid-cyan-blue-background-color has-text-color has-background\" href=\"https:\/\/www.cerpeg.fr\/bcpmcv\/2-5-traiter-les-retours-et-les-reclamations-du-client\/\" target=\"_blank\" rel=\"noreferrer noopener\">2.3. Traiter les retours et les r\u00e9clamations du client<\/a><\/div>\n<\/div>\n\n\n\n<p>.<\/p>\n\n\n\n<div class=\"wp-block-buttons is-layout-flex wp-block-buttons-is-layout-flex\">\n<div class=\"wp-block-button\"><a class=\"wp-block-button__link has-white-color has-vivid-cyan-blue-background-color has-text-color has-background\" href=\"https:\/\/www.cerpeg.fr\/bcpmcv\/2-4-sassurer-de-la-satisfaction-du-client\/\" target=\"_blank\" rel=\"noreferrer noopener\">2.4. S\u2019assurer de la satisfaction du client<\/a><\/div>\n<\/div>\n\n\n\n<p>.<\/p>\n\n\n\n<div class=\"wp-block-buttons is-layout-flex wp-block-buttons-is-layout-flex\">\n<div class=\"wp-block-button\"><a class=\"wp-block-button__link has-white-color has-luminous-vivid-amber-background-color has-text-color has-background\" href=\"https:\/\/www.cerpeg.fr\/bcpmcv\/criteres-devaluation-2\/\" target=\"_blank\" rel=\"noreferrer noopener\">Crit\u00e8res d&rsquo;\u00e9valuation<\/a><\/div>\n<\/div>\n\n\n\n<p>.<\/p>\n\n\n\n<div class=\"wp-block-buttons is-layout-flex wp-block-buttons-is-layout-flex\">\n<div class=\"wp-block-button\"><a class=\"wp-block-button__link has-white-color has-luminous-vivid-amber-background-color has-text-color has-background\" href=\"https:\/\/www.cerpeg.fr\/bcpmcv\/savoirs-limites-des-savoirs-2\/\" target=\"_blank\" rel=\"noreferrer noopener\">Savoirs &amp; limites des savoirs<\/a><\/div>\n<\/div>\n","protected":false},"excerpt":{"rendered":"<p>Suivre les ventes Au sein d\u2019une unit\u00e9 commerciale, en visite de client\u00e8le ou encore \u00e0 distance, le titulaire du baccalaur\u00e9at professionnel \u00ab M\u00e9tiers du commerce et de la vente \u00bb r\u00e9alise, dans un cadre omnical, les op\u00e9rations de services li\u00e9es \u00e0 la vente, dans le respect des proc\u00e9dures de son entreprise et en conformit\u00e9 avec [&hellip;]<\/p>\n","protected":false},"author":1,"featured_media":194,"parent":0,"menu_order":0,"comment_status":"closed","ping_status":"closed","template":"","meta":{"footnotes":""},"_links":{"self":[{"href":"https:\/\/www.cerpeg.fr\/bcpmcv\/wp-json\/wp\/v2\/pages\/754"}],"collection":[{"href":"https:\/\/www.cerpeg.fr\/bcpmcv\/wp-json\/wp\/v2\/pages"}],"about":[{"href":"https:\/\/www.cerpeg.fr\/bcpmcv\/wp-json\/wp\/v2\/types\/page"}],"author":[{"embeddable":true,"href":"https:\/\/www.cerpeg.fr\/bcpmcv\/wp-json\/wp\/v2\/users\/1"}],"replies":[{"embeddable":true,"href":"https:\/\/www.cerpeg.fr\/bcpmcv\/wp-json\/wp\/v2\/comments?post=754"}],"version-history":[{"count":14,"href":"https:\/\/www.cerpeg.fr\/bcpmcv\/wp-json\/wp\/v2\/pages\/754\/revisions"}],"predecessor-version":[{"id":1009,"href":"https:\/\/www.cerpeg.fr\/bcpmcv\/wp-json\/wp\/v2\/pages\/754\/revisions\/1009"}],"wp:featuredmedia":[{"embeddable":true,"href":"https:\/\/www.cerpeg.fr\/bcpmcv\/wp-json\/wp\/v2\/media\/194"}],"wp:attachment":[{"href":"https:\/\/www.cerpeg.fr\/bcpmcv\/wp-json\/wp\/v2\/media?parent=754"}],"curies":[{"name":"wp","href":"https:\/\/api.w.org\/{rel}","templated":true}]}}