{"id":1184,"date":"2022-03-12T16:07:50","date_gmt":"2022-03-12T15:07:50","guid":{"rendered":"https:\/\/www.cerpeg.fr\/bpfleuriste\/?page_id=1184"},"modified":"2022-03-21T08:57:13","modified_gmt":"2022-03-21T07:57:13","slug":"bloc-4-developper-la-performance-et-lactivite-commerciales","status":"publish","type":"page","link":"https:\/\/www.cerpeg.fr\/bpfleuriste\/bloc-4-developper-la-performance-et-lactivite-commerciales\/","title":{"rendered":"Bloc 4 &#8211;  D\u00e9velopper la performance et l\u2019activit\u00e9 commerciale"},"content":{"rendered":"\n<figure class=\"wp-block-table\"><table class=\"has-fixed-layout\"><thead><tr><th><strong>Comp\u00e9tences<\/strong><\/th><th><strong>Crit\u00e8res d&rsquo;\u00e9valuation<\/strong><\/th><\/tr><\/thead><tbody><tr><td><strong>Valoriser l\u2019offre<br><\/strong>Am\u00e9nager l\u2019espace commercial<br>Implanter les produits dans les espaces<br>Mettre en \u0153uvre les actions commerciales<br>Mettre en \u0153uvre la communication commerciale<br>.<\/td><td>L\u2019attractivit\u00e9 de l\u2019espace est maintenue, son agencement est fonctionnel et r\u00e9glementaire<br>Les produits sont implant\u00e9s en coh\u00e9rence avec les exigences commerciales et les r\u00e8gles<br>d\u2019hygi\u00e8ne et de s\u00e9curit\u00e9<br>Les actions sont efficaces et coh\u00e9rentes avec la politique commerciale<br>La communication commerciale est pertinente au regard des objectifs vis\u00e9s<br>.<\/td><\/tr><tr><td><strong>Manager la relation client<br><\/strong>Conseiller et accompagner le client<br>Assurer le suivi de la relation client<br>.<\/td><td>L\u2019accompagnement et les solutions personnalis\u00e9s r\u00e9pondent aux besoins plus ou moins<br>complexes du client<br>Le suivi client p\u00e9rennise la relation commerciale<br>.<\/td><\/tr><tr><td><strong>D\u00e9velopper une strat\u00e9gie commerciale<br><\/strong>\u00c9valuer la performance commerciale<br>Analyser le march\u00e9<br>Op\u00e9rer des choix d\u2019axes de d\u00e9veloppement<br>.<\/td><td>Les donn\u00e9es commerciales (indicateurs et tableaux de bord) sont exploit\u00e9es pour \u00e9valuer la<br>performance<br>La recherche d\u2019informations et la veille sur le march\u00e9 sont pertinentes<br>Les menaces et opportunit\u00e9s sont identifi\u00e9es<br>Les propositions d\u2019actions de d\u00e9veloppement sont adapt\u00e9es aux analyses, r\u00e9alistes et justifi\u00e9es<br>.<\/td><\/tr><\/tbody><\/table><\/figure>\n\n\n\n<figure class=\"wp-block-image size-full\"><img decoding=\"async\" loading=\"lazy\" width=\"48\" height=\"48\" src=\"https:\/\/www.cerpeg.fr\/bpfleuriste\/wp-content\/uploads\/2021\/08\/mobile_phone_14388.png\" alt=\"\" class=\"wp-image-1101\"\/><\/figure>\n\n\n\n<h2 class=\"wp-block-heading\">Comp\u00e9tences et crit\u00e8res d&rsquo;\u00e9valuation<\/h2>\n\n\n\n<h5 class=\"has-vivid-cyan-blue-color has-text-color wp-block-heading\">Valoriser l&rsquo;offre<\/h5>\n\n\n\n<ul><li>Am\u00e9nager l\u2019espace commercial<\/li><li>Implanter les produits dans les espaces<\/li><li>Mettre en \u0153uvre les actions commerciales<\/li><li>Mettre en \u0153uvre la communication commerciale<\/li><\/ul>\n\n\n\n<p><\/p>\n\n\n\n<h6 class=\"wp-block-heading\"><strong>Crit\u00e8res d&rsquo;\u00e9valuation<\/strong><\/h6>\n\n\n\n<ul><li>L\u2019attractivit\u00e9 de l\u2019espace est maintenue, son agencement est fonctionnel et r\u00e9glementaire<\/li><li>Les produits sont implant\u00e9s en coh\u00e9rence avec les exigences commerciales et les r\u00e8gles<\/li><li>d\u2019hygi\u00e8ne et de s\u00e9curit\u00e9<\/li><li>Les actions sont efficaces et coh\u00e9rentes avec la politique commerciale<\/li><li>La communication commerciale est pertinente au regard des objectifs vis\u00e9s<\/li><\/ul>\n\n\n\n<p><\/p>\n\n\n\n<h5 class=\"has-vivid-cyan-blue-color has-text-color wp-block-heading\">Manager la relation client<\/h5>\n\n\n\n<ul><li>Conseiller et accompagner le client<\/li><li>Assurer le suivi de la relation client<\/li><\/ul>\n\n\n\n<p><\/p>\n\n\n\n<h6 class=\"wp-block-heading\"><strong>Crit\u00e8res d&rsquo;\u00e9valuation<\/strong><\/h6>\n\n\n\n<ul><li>L\u2019accompagnement et les solutions personnalis\u00e9s r\u00e9pondent aux besoins plus ou moins complexes du client<\/li><li>Le suivi client p\u00e9rennise la relation commerciale<\/li><\/ul>\n\n\n\n<p><\/p>\n\n\n\n<h5 class=\"has-vivid-cyan-blue-color has-text-color wp-block-heading\">D\u00e9velopper une strat\u00e9gie commerciale<\/h5>\n\n\n\n<ul><li>\u00c9valuer la performance commerciale<\/li><li>Analyser le march\u00e9<\/li><li>Op\u00e9rer des choix d\u2019axes de d\u00e9veloppement<\/li><\/ul>\n\n\n\n<p><\/p>\n\n\n\n<h6 class=\"wp-block-heading\"><strong>Crit\u00e8res d&rsquo;\u00e9valuation<\/strong><\/h6>\n\n\n\n<ul><li>Les donn\u00e9es commerciales (indicateurs et tableaux de bord) sont exploit\u00e9es pour \u00e9valuer la<\/li><li>performance<\/li><li>La recherche d\u2019informations et la veille sur le march\u00e9 sont pertinentes<\/li><li>Les menaces et opportunit\u00e9s sont identifi\u00e9es<\/li><li>Les propositions d\u2019actions de d\u00e9veloppement sont adapt\u00e9es aux analyses, r\u00e9alistes et justifi\u00e9es<\/li><\/ul>\n\n\n\n<p><\/p>\n\n\n\n<h2 class=\"wp-block-heading\">Savoirs associ\u00e9s<\/h2>\n\n\n\n<h3 class=\"wp-block-heading\">Savoirs<\/h3>\n\n\n\n<ul><li>Les zones de l\u2019espace commercial int\u00e9rieur et ext\u00e9rieur<\/li><li>Marchandisage de gestion<\/li><li>Marchandisage de s\u00e9duction<\/li><li>La r\u00e9glementation relative \u00e0 l\u2019hygi\u00e8ne et de<\/li><li>la s\u00e9curit\u00e9<\/li><li>L\u2019assortiment<\/li><li>La classification des produits<\/li><li>Les techniques promotionnelles et d\u2019animations commerciales<\/li><li>Les f\u00eates et \u00e9v\u00e9nements commerciaux<\/li><li>L\u2019organisation, les moyens humains, mat\u00e9riels, financiers<\/li><li>La politique commerciale<\/li><li>Les indicateurs de performance et de rentabilit\u00e9<\/li><li>Les supports de communication commerciale<\/li><li>Le plan de communication<\/li><li>Les bases de la communication<\/li><li>Les situations de communication<\/li><li>Les facteurs explicatifs du comportement client<\/li><li>Les m\u00e9thodes de vente<\/li><li>Le parcours d\u2019achat du client<\/li><li>Les outils d\u2019aide \u00e0 la vente et les documents commerciaux<\/li><li>La r\u00e9glementation relative \u00e0 la vente<\/li><li>Les r\u00e9clamations et les litiges<\/li><li>Les indicateurs de performance commerciale<\/li><li>Le march\u00e9<\/li><li>La zone de chalandise<\/li><li>La client\u00e8le de l\u2019entreprise<\/li><li>Les sources d\u2019information<\/li><li>Les actions de fid\u00e9lisation et de satisfaction<\/li><li>Les techniques de prospection<\/li><li>La r\u00e9glementation sur l\u2019exploitation des donn\u00e9es personnelles<\/li><li>Les moyens li\u00e9s au d\u00e9veloppement de l\u2019activit\u00e9<\/li><\/ul>\n\n\n\n<p><\/p>\n\n\n\n<h3 class=\"wp-block-heading\">Limites de savoirs<\/h3>\n\n\n\n<ul><li>Les caract\u00e9ristiques et enjeux des zones : chaudes\/froides<\/li><li>Les espaces de pr\u00e9sentation et de circulation<\/li><li>Les facteurs d\u2019ambiance \/th\u00e9\u00e2tralisation\/vitrine<\/li><li>Les r\u00e8gles d\u2019hygi\u00e8ne et s\u00e9curit\u00e9 li\u00e9es aux produits, mat\u00e9riels, locaux et personnes<\/li><li>La taille de l\u2019assortiment et la place des produits dans l\u2019assortiment Connaissance des v\u00e9g\u00e9taux et des autres familles de produits<\/li><li>Les principes et objectifs du plan d\u2019actions commerciales<\/li><li>Les caract\u00e9ristiques des f\u00eates et \u00e9v\u00e9nements commerciaux, les partenaires associ\u00e9s<\/li><li>Les besoins et les co\u00fbts li\u00e9s aux actions<\/li><li>Les composants du plan de march\u00e9age<\/li><li>La comparaison des objectifs aux r\u00e9sultats<\/li><li>Les caract\u00e9ristiques des supports de communication m\u00e9dia, hors m\u00e9dia et digitale ; leurs principes d\u2019utilisation, leurs int\u00e9r\u00eats et leurs compl\u00e9mentarit\u00e9s<\/li><li>Les principaux \u00e9l\u00e9ments constitutifs d\u2019un support de communication commerciale<\/li><li>Les principales fonctionnalit\u00e9s des logiciels\/applications de cr\u00e9ation de supports et messages commerciaux<\/li><li>La communication verbale, para verbale et non verbale<\/li><li>Les supports de communication \u00e9crite et leurs caract\u00e9ristiques<\/li><li>Les besoins, motivations et freins<\/li><li>Les composants et\/ou techniques des diff\u00e9rentes \u00e9tapes de vente<\/li><li>L\u2019argumentaire commercial<\/li><li>Les principaux outils d\u2019aide \u00e0 la vente et les documents commerciaux indispensables \u00e0 la relation client<\/li><li>Le traitement des r\u00e9clamations et litiges<\/li><li>Les principaux indicateurs<\/li><li>Le syst\u00e8me d\u2019information commerciale<\/li><li>Les composants du march\u00e9 et les forces et faiblesses de l\u2019entreprise<\/li><li>Le fichier clients et prospects<\/li><li>Les caract\u00e9ristiques des supports n\u00e9cessaires aux actions de fid\u00e9lisation et de prospection<\/li><li>Les besoins et co\u00fbts li\u00e9s aux axes choisis<\/li><\/ul>\n\n\n\n<p><\/p>\n","protected":false},"excerpt":{"rendered":"<p>Comp\u00e9tences Crit\u00e8res d&rsquo;\u00e9valuation Valoriser l\u2019offreAm\u00e9nager l\u2019espace commercialImplanter les produits dans les espacesMettre en \u0153uvre les actions commercialesMettre en \u0153uvre la communication commerciale. L\u2019attractivit\u00e9 de l\u2019espace est maintenue, son agencement est fonctionnel et r\u00e9glementaireLes produits sont implant\u00e9s en coh\u00e9rence avec les exigences commerciales et les r\u00e8glesd\u2019hygi\u00e8ne et de s\u00e9curit\u00e9Les actions sont efficaces et coh\u00e9rentes avec la [&hellip;]<\/p>\n","protected":false},"author":1,"featured_media":0,"parent":0,"menu_order":0,"comment_status":"closed","ping_status":"closed","template":"","meta":[],"_links":{"self":[{"href":"https:\/\/www.cerpeg.fr\/bpfleuriste\/wp-json\/wp\/v2\/pages\/1184"}],"collection":[{"href":"https:\/\/www.cerpeg.fr\/bpfleuriste\/wp-json\/wp\/v2\/pages"}],"about":[{"href":"https:\/\/www.cerpeg.fr\/bpfleuriste\/wp-json\/wp\/v2\/types\/page"}],"author":[{"embeddable":true,"href":"https:\/\/www.cerpeg.fr\/bpfleuriste\/wp-json\/wp\/v2\/users\/1"}],"replies":[{"embeddable":true,"href":"https:\/\/www.cerpeg.fr\/bpfleuriste\/wp-json\/wp\/v2\/comments?post=1184"}],"version-history":[{"count":21,"href":"https:\/\/www.cerpeg.fr\/bpfleuriste\/wp-json\/wp\/v2\/pages\/1184\/revisions"}],"predecessor-version":[{"id":1509,"href":"https:\/\/www.cerpeg.fr\/bpfleuriste\/wp-json\/wp\/v2\/pages\/1184\/revisions\/1509"}],"wp:attachment":[{"href":"https:\/\/www.cerpeg.fr\/bpfleuriste\/wp-json\/wp\/v2\/media?parent=1184"}],"curies":[{"name":"wp","href":"https:\/\/api.w.org\/{rel}","templated":true}]}}